{"id":11319,"date":"2024-10-01T01:06:33","date_gmt":"2024-09-30T23:06:33","guid":{"rendered":"https:\/\/aspeninstitutece.softmedia.cz\/event\/spolecnost-4-0-jak-se-pripravit-na-dopady-technologicke-revoluce\/"},"modified":"2024-11-25T16:14:28","modified_gmt":"2024-11-25T15:14:28","slug":"spolecnost-4-0-jak-se-pripravit-na-dopady-technologicke-revoluce","status":"publish","type":"event","link":"https:\/\/www.aspeninstitutece.org\/cs\/event\/spolecnost-4-0-jak-se-pripravit-na-dopady-technologicke-revoluce\/","title":{"rendered":"Spole\u010dnost 4.0:<\/br>Jak se p\u0159ipravit na dopady technologick\u00e9 revoluce"},"content":{"rendered":"<p><span lang=\"CS\">V r\u00e1mci\u00a0<a href=\"https:\/\/tydeninovaci2018.cz\/\" target=\"_blank\" rel=\"noopener noreferrer\" data-saferedirecturl=\"https:\/\/www.google.com\/url?hl=cs&amp;q=https:\/\/tydeninovaci2018.cz\/&amp;source=gmail&amp;ust=1524216186610000&amp;usg=AFQjCNH89Jrs1UQ43mQObE_7-zLMvAGC_A\">T\u00fddne inovac\u00ed 2018<\/a>\u00a0p\u0159ipravujeme ve\u0159ejnou debatu, ve kter\u00e9 se budeme zab\u00fdvat rozvojem technologi\u00ed a jejich dopadem na efektivitu i podobu v\u00fdroby, slu\u017eeb i obchodn\u00edch model\u016f. Prob\u00edhaj\u00edc\u00ed technologick\u00e1 revoluce bude m\u00edt ve sv\u00e9m d\u016fsledku z\u00e1sadn\u00ed dopady do \u017eivota lid\u00ed a organizace spole\u010dnosti. Masov\u00e9 vyu\u017eit\u00ed um\u011bl\u00e9 inteligence a robotizace razantn\u011b zm\u011bn\u00ed strukturu trhu pr\u00e1ce a po\u017eadavky na flexibilitu pracovn\u00ed s\u00edly. Zm\u011bn\u00ed se podoba finan\u010dn\u00edho syst\u00e9mu, zp\u016fsob\u016f konzumace informac\u00ed, uva\u017eov\u00e1n\u00ed o lokalizaci a pohybu. To v\u0161e s sebou p\u0159inese v\u00fdznamn\u00e9 p\u0159\u00edle\u017eitosti, ale tak\u00e9 v\u00fdzvy. Jak\u00e9 budou spole\u010densk\u00e9 dopady nast\u00e1vaj\u00edc\u00ed technologick\u00e9 revoluce? Jak pos\u00edlit schopnost adaptace na\u0161\u00ed spole\u010dnosti? Jak doc\u00edlit toho, aby m\u011bly spole\u010densk\u00e9 zm\u011bny v\u00edce v\u00edt\u011bz\u016f ne\u017e pora\u017een\u00fdch? Tyto ot\u00e1zky s v\u00e1mi budou\u00a0diskutovat:<\/span><\/p>\n<p>\u00davodn\u00ed prezentace<br \/>\n<strong>Pavel Kysilka<\/strong>,\u00a06D Academy<br \/>\n<strong>Daniel Prokop<\/strong>, v\u00fdzkumn\u00e1 agentura Median<\/p>\n<p>Panelov\u00e1 diskuse<br \/>\n<strong>Barbora B\u00fchnov\u00e1<\/strong>, Czechitas<br \/>\n<strong>Eduard Pal\u00ed\u0161ek<\/strong>, Siemens \u010cesk\u00e1 republika<br \/>\n<strong>Jan Straka<\/strong>, U\u010ditel na\u017eivo<\/p>\n<p>Moderuje<br \/>\n<strong>Petr Bene\u0161<\/strong>, 6D Academy<\/p>\n<p>Debatu p\u0159ipravujeme ve spolupr\u00e1ci s <a href=\"http:\/\/www.opero.cz\/cs\" rel=\"noopener\">Opero<\/a> a <a href=\"https:\/\/www.abra.eu\/\" rel=\"noopener\">Abra Software<\/a>.<\/p>\n<p>Registrace na akci <a href=\"http:\/\/www.opero.cz\/cs\/akce\/spolecnost-40\" rel=\"noopener\">zde<\/a><\/p>\n<p>&nbsp;<\/p>\n<p>&nbsp;<\/p>\n<p><img loading=\"lazy\" decoding=\"async\" class=\"alignnone size-full wp-image-7038\" src=\"https:\/\/www.aspeninstitutece.org\/wp-content\/uploads\/aspen-media\/2018\/04\/web_baner_spolecnost4-0_1400x700_origin.jpg\" alt=\"\" width=\"1945\" height=\"973\" \/><\/p>\n","protected":false},"excerpt":{"rendered":"<p>Ve\u0159ejn\u00e1 debata, Praha<\/p>\n","protected":false},"featured_media":0,"template":"","meta":{"_acf_changed":false},"events-tags":[],"class_list":["post-11319","event","type-event","status-publish","hentry"],"acf":[],"_links":{"self":[{"href":"https:\/\/www.aspeninstitutece.org\/cs\/wp-json\/wp\/v2\/event\/11319","targetHints":{"allow":["GET"]}}],"collection":[{"href":"https:\/\/www.aspeninstitutece.org\/cs\/wp-json\/wp\/v2\/event"}],"about":[{"href":"https:\/\/www.aspeninstitutece.org\/cs\/wp-json\/wp\/v2\/types\/event"}],"wp:attachment":[{"href":"https:\/\/www.aspeninstitutece.org\/cs\/wp-json\/wp\/v2\/media?parent=11319"}],"wp:term":[{"taxonomy":"events-tags","embeddable":true,"href":"https:\/\/www.aspeninstitutece.org\/cs\/wp-json\/wp\/v2\/events-tags?post=11319"}],"curies":[{"name":"wp","href":"https:\/\/api.w.org\/{rel}","templated":true}]}}