{"id":11363,"date":"2024-10-01T01:06:36","date_gmt":"2024-09-30T23:06:36","guid":{"rendered":"https:\/\/aspeninstitutece.softmedia.cz\/event\/ai-v-cesku-lepsi-nez-si-myslite\/"},"modified":"2024-11-25T16:04:22","modified_gmt":"2024-11-25T15:04:22","slug":"ai-v-cesku-lepsi-nez-si-myslite","status":"publish","type":"event","link":"https:\/\/www.aspeninstitutece.org\/cs\/event\/ai-v-cesku-lepsi-nez-si-myslite\/","title":{"rendered":"AI v \u010cesku. <br>Lep\u0161\u00ed, ne\u017e si mysl\u00edte!"},"content":{"rendered":"<p>Dovolujeme si V\u00e1s pozvat na panelovou diskusi s\u00a0n\u00e1zvem <em><strong>AI v \u010cesku. Lep\u0161\u00ed, ne\u017e si mysl\u00edte!<\/strong><\/em>, kter\u00e1 se uskute\u010dn\u00ed <strong>27.\u00a0ledna od 14:30 virtu\u00e1ln\u011b. <\/strong>Debatu po\u0159\u00e1d\u00e1me\u00a0ve spolupr\u00e1ci s E15. Sledovat ji m\u016f\u017eete na <a href=\"https:\/\/www.mall.tv\/mall-tv-zive\/aspen-institute-e15-27-01-2021\" rel=\"noopener\"><strong>Mall.TV<\/strong><\/a> nebo na na\u0161em <a href=\"https:\/\/www.facebook.com\/AspenInstituteCE\/videos\/513275126327149\" rel=\"noopener\">Facebooku<\/a>.<\/p>\n<p><iframe loading=\"lazy\" src=\"https:\/\/www.mall.tv\/embed\/mall-tv-zive\/aspen-institute-e15-27-01-2021?autoplay=true?rel=0&amp;controls=0&amp;showinfo=0\" width=\"560\" height=\"315\" frameborder=\"0\" allowfullscreen=\"allowfullscreen\"><\/iframe><\/p>\n<p><span style=\"font-weight: 400;\">Technologie vyu\u017e\u00edvaj\u00edc\u00ed um\u011blou inteligenci (AI) jsou v\u0161udyp\u0159\u00edtomn\u00e9 a setk\u00e1v\u00e1me se s nimi v ka\u017edodenn\u00edm \u017eivot\u011b. Raketov\u00fd r\u016fst implementace AI je doprov\u00e1zen nejistotou a neporozum\u011bn\u00edm. Proto je nezbytn\u00e9, aby byl pojem AI demystifikov\u00e1n a roz\u0161\u00ed\u0159ilo se pov\u011bdom\u00ed o jej\u00ed prosp\u011b\u0161nosti mezi \u0161irokou ve\u0159ejnost.<\/span><\/p>\n<p><span style=\"font-weight: 400;\">D\u016fle\u017eit\u00fd je i multidisciplin\u00e1rn\u00ed p\u0159\u00edstup k AI, kter\u00fd v\u0161ak v \u010cesk\u00e9 republice \u010del\u00ed p\u0159ek\u00e1\u017ek\u00e1m, jako je skepticismus \u010di nedostatek spolupr\u00e1ce mezi st\u00e1tn\u00ed a soukromou sf\u00e9rou, univerzitami a dal\u0161\u00edmi akt\u00e9ry. \u010cesk\u00e1 republika se m\u016f\u017ee chlubit \u0161pi\u010dkov\u00fdmi odborn\u00edky a m\u00e1 potenci\u00e1l st\u00e1t se sv\u011btovou velmoc\u00ed v AI. Ale jak na to?<\/span><\/p>\n<p>Vystupuj\u00edc\u00ed:<\/p>\n<p> \u00a0<b><a href=\"https:\/\/archiv.ihned.cz\/c1-66140030-algoritmy-maji-za-ukol-vyhledat-komercni-vyuziti-vynalezu-veci-objevene-na-univerzitach-casto-lezi-zbytecne-v-supliku?fbclid=IwAR0DNJU-uwvXf_mjyQj39LXbyMmfd_TUjmy6HA31UrFvEpo2Rztu-4qD7J4\" rel=\"noopener\">Pavel Kord\u00edk<\/a>,\u00a0<\/b><span style=\"font-weight: 400;\">prod\u011bkan pro spolupr\u00e1ci s pr\u016fmyslem, \u010cVUT \/\u00a0spoluzakladatel\u00a0<a href=\"https:\/\/www.recombee.com\/\" rel=\"noopener\">Recombee<\/a> a <a href=\"https:\/\/unico.ai\/\" rel=\"noopener\">unico.AI<\/a><\/span><\/p>\n<p> \u00a0<b><a href=\"https:\/\/www.czechcrunch.cz\/2020\/08\/startupy-casto-mluvi-o-umele-inteligenci-jen-aby-byly-cool-do-facebooku-me-pretahl-zuckerberg-rika-tomas-mikolov-v-podcastu\/\" rel=\"noopener\">Tom\u00e1\u0161 Mikolov<\/a>,\u00a0<\/b><span style=\"font-weight: 400;\">senior researcher, <a href=\"https:\/\/www.ciirc.cvut.cz\/cs\/\" rel=\"noopener\">CIIRC \u010cVUT<\/a><\/span><\/p>\n<p> \u00a0<b><a href=\"https:\/\/protiproudu.net\/jakub-nesetril\/\" rel=\"noopener\">Jakub Ne\u0161et\u0159il<\/a>,<\/b><span style=\"font-weight: 400;\">\u00a0zakladatel a CEO, <a href=\"https:\/\/cesko.digital\/\" rel=\"noopener\">\u010cesko.Digital<\/a><\/span><\/p>\n<p> \u00a0<a href=\"https:\/\/www.export.cz\/nazory-a-analyzy\/michal-pechoucek-avast-chci-byt-rychlejsi-nez-musk\/\" rel=\"noopener\"><strong>Michal P\u011bchou\u010dek<\/strong><\/a><b>,<\/b><span style=\"font-weight: 400;\">\u00a0CTO, <a href=\"https:\/\/www.avast.com\/cs-cz\/index#pc\" rel=\"noopener\">Avast<\/a> \/ profesor, \u010cVUT<\/span><\/p>\n<p> \u00a0<b><a href=\"https:\/\/www.czechcrunch.cz\/2020\/08\/miliony-na-podporu-vyvoje-obecne-umele-inteligence-goodai-marka-rosy-vypisuje-stedry-grant-pro-vyzkumniky\/\" rel=\"noopener\">Marek Rosa<\/a>,<\/b><span style=\"font-weight: 400;\">\u00a0zakladatel, CEO a CTO, <a href=\"https:\/\/www.goodai.com\/\" rel=\"noopener\">GoodAI<\/a> a <a href=\"https:\/\/www.keenswh.com\/\" rel=\"noopener\">Keen Software House<\/a><\/span><\/p>\n<p>V r\u00e1mci debaty budou prezentov\u00e1ny v\u00fdsledky \u010desk\u00e9 \u010d\u00e1sti srovn\u00e1vac\u00ed studie<strong>\u00a0Um\u011bl\u00e1 inteligence v soukrom\u00e9m a ve\u0159ejn\u00e9m sektoru v Polsku a \u010cesk\u00e9 republice<\/strong>, kter\u00e1\u00a0vznikla ve spolupr\u00e1ci Aspen Institute Central Europe s polsk\u00fdm Centrem pro mezin\u00e1rodn\u00ed vztahy (Centrum Stosunk\u00f3w Mi\u0119dzynarodowych \u2013 CSM).\u00a0\u010ceskou \u010d\u00e1st studie zpracovali\u00a0<strong><a href=\"https:\/\/www.tedxprague.cz\/videa\/jak-se-uci-umela-inteligence\" rel=\"noopener\">Daria Hvizdalova<\/a>,\u00a0<\/strong>partnerka v\u00a0Mainware\/JHV ENGINEERING,\u00a0a\u00a0<strong><a href=\"https:\/\/www.tc.cz\/cs\/lide\/seznam-lidi\/fatun-martin\" rel=\"noopener\">Martin Fa\u0165un<\/a>\u00a0<\/strong>z\u00a0Technologick\u00e9ho centra Akademie v\u011bd \u010cR.<\/p>\n<p>Prezentace <strong><a href=\"https:\/\/www.aspeninstitutece.org\/wp-content\/uploads\/aspen-media\/2020\/12\/Um%C4%9Bl%C3%A1-inteligence-ve-ve%C5%99ejn%C3%A9m-a-soukrom%C3%A9n-sektoru-v-Polsku-a-%C4%8Cesk%C3%A9-republice.pdf\">AI studie<\/a><\/strong>:<\/p>\n<p> \u00a0<b><a href=\"https:\/\/www.tedxprague.cz\/videa\/jak-se-uci-umela-inteligence\" rel=\"noopener\">Daria Hvizdalova<\/a>,<\/b><span style=\"font-weight: 400;\">\u00a0partner, <a href=\"https:\/\/www.mainware.com\/\" rel=\"noopener\">Mainware<\/a>\u00a0\/ JHV Engineering<\/span><\/p>\n<p>Moder\u00e1torka:<\/p>\n<p> \u00a0<span style=\"font-weight: 400;\"><a href=\"https:\/\/www.irozhlas.cz\/veda-technologie\/technologie\/praha-umela-inteligence-technologie-inovace-vyvoj-silicon-valley_2007121813_tzr\" rel=\"noopener\"><strong>Sara Polak<\/strong><\/a>, <a href=\"https:\/\/prg.ai\/\" rel=\"noopener\">prg.ai<\/a>, Aspen Young Leaders Program alumna<\/span><\/p>\n<p>Do diskuse se budete moci zapojit\u00a0<strong>online dotazy<\/strong>\u00a0v pr\u016fb\u011bhu debaty prost\u0159ednictv\u00edm Sli.do pod heslem <strong>#AspenAI<\/strong>.<\/p>\n<p>T\u011b\u0161\u00edme se na Va\u0161i virtu\u00e1ln\u00ed \u00fa\u010dast!<\/p>\n<p><img loading=\"lazy\" decoding=\"async\" class=\"alignnone wp-image-16411 size-full\" src=\"https:\/\/www.aspeninstitutece.org\/wp-content\/uploads\/aspen-media\/2021\/01\/ai_debata_2021_vizual_820x461-1.png\" alt=\"\" width=\"820\" height=\"461\" \/><\/p>\n","protected":false},"excerpt":{"rendered":"<p>Virtu\u00e1ln\u00ed debata na t\u00e9ma um\u011bl\u00e9 inteligence (AI) po\u0159\u00e1dan\u00e1 ve spolupr\u00e1ci s E15.<\/p>\n","protected":false},"featured_media":0,"template":"","meta":{"_acf_changed":false},"events-tags":[],"class_list":["post-11363","event","type-event","status-publish","hentry"],"acf":[],"_links":{"self":[{"href":"https:\/\/www.aspeninstitutece.org\/cs\/wp-json\/wp\/v2\/event\/11363","targetHints":{"allow":["GET"]}}],"collection":[{"href":"https:\/\/www.aspeninstitutece.org\/cs\/wp-json\/wp\/v2\/event"}],"about":[{"href":"https:\/\/www.aspeninstitutece.org\/cs\/wp-json\/wp\/v2\/types\/event"}],"wp:attachment":[{"href":"https:\/\/www.aspeninstitutece.org\/cs\/wp-json\/wp\/v2\/media?parent=11363"}],"wp:term":[{"taxonomy":"events-tags","embeddable":true,"href":"https:\/\/www.aspeninstitutece.org\/cs\/wp-json\/wp\/v2\/events-tags?post=11363"}],"curies":[{"name":"wp","href":"https:\/\/api.w.org\/{rel}","templated":true}]}}