{"id":11386,"date":"2024-10-01T01:06:38","date_gmt":"2024-09-30T23:06:38","guid":{"rendered":"https:\/\/aspeninstitutece.softmedia.cz\/event\/kam-kracis-ceskoevropo-2021\/"},"modified":"2024-11-25T22:22:05","modified_gmt":"2024-11-25T21:22:05","slug":"kam-kracis-ceskoevropo-2021","status":"publish","type":"event","link":"https:\/\/www.aspeninstitutece.org\/cs\/event\/kam-kracis-ceskoevropo-2021\/","title":{"rendered":"Kam kr\u00e1\u010d\u00ed\u0161, \u010cesko\/Evropo 2021"},"content":{"rendered":"<p><span style=\"font-weight: 400;\">Dovolujeme si V\u00e1s srde\u010dn\u011b pozvat na v\u00fdro\u010dn\u00ed konferenci Aspen Institute Central Europe s\u00a0n\u00e1zvem <\/span><b>Kam kr\u00e1\u010d\u00ed\u0161, \u010cesko\/Evropo 2021<\/b><span style=\"font-weight: 400;\">, kterou po\u0159\u00e1d\u00e1me ve spolupr\u00e1ci s medi\u00e1ln\u00edm domem Economia. Konference se bude konat ve <\/span><b>\u010dtvrtek 2. prosince 2021 od 9:00 hodin.\u00a0L<strong>eto\u0161n\u00ed v\u00fdro\u010dn\u00ed konference prob\u011bhne pouze prost\u0159ednictv\u00edm online p\u0159enosu.<\/strong><\/b><\/p>\n<p><span style=\"font-weight: 400;\">C\u00edlem konference je poskytnout p\u0159ehled politick\u00e9ho, hospod\u00e1\u0159sk\u00e9ho a spole\u010densk\u00e9ho v\u00fdvoje \u010c<\/span><span style=\"font-weight: 400;\">esk\u00e9 republiky v kontextu st\u0159edn\u00ed Evropy. Tak jako v lo\u0148sk\u00e9m roce, i letos budou podkladem diskuse studie vypracovan\u00e9 expertn\u00edmi skupinami Aspen Institute Central Europe a spole\u010dnosti <\/span><span style=\"font-weight: 400;\">McKinsey &amp; Company. <\/span><span style=\"font-weight: 400;\">\u00a0Studie p\u0159inesou\u00a0 p\u0159ehled sledovan\u00fdch t\u00e9mat a konkr\u00e9tn\u00ed doporu\u010den\u00ed ke zlep\u0161en\u00ed. Na panelech konference budou diskutovat vedle \u010dlen\u016f vl\u00e1dy tak\u00e9 odborn\u00edci z byznysu, akademick\u00e9ho i neziskov\u00e9ho sektoru.\u00a0<\/span><\/p>\n<p><span style=\"font-weight: 400;\">V n\u00e1vaznosti na p\u0159edchoz\u00edch \u0161est ro\u010dn\u00edk\u016f budeme v r\u00e1mci v\u00fdro\u010dn\u00ed konference <strong>Kam kr\u00e1\u010d\u00ed\u0161, \u010cesko\/Evropo 2021<\/strong> analyzovat politick\u00fd, ekonomick\u00fd a spole\u010densk\u00fd v\u00fdvoj v kontextu st\u0159edn\u00ed Evropy.<\/span><\/p>\n<p><span style=\"font-size: 18px;\"><a href=\"https:\/\/www.aspeninstitutece.org\/wp-content\/uploads\/aspen-media\/2021\/11\/program_KKC2021_CZ_v5.pdf\" target=\"_blank\" rel=\"noopener noreferrer\"><strong><span style=\"color: #ffffff;\"><span style=\"line-height: 32px; background: #002776; float: left; padding-right: 17px; padding-left: 17px; border-radius: 22px; text-transform: uppercase;\">PROGRAM V\u00ddRO\u010cN\u00cd KONFERENCE<\/span><\/span><\/strong><\/a><\/span><\/p>\n<p>&nbsp;<\/p>\n<p><span style=\"font-size: 18px;\"><a href=\"https:\/\/www.aspeninstitutece.org\/wp-content\/uploads\/aspen-media\/2021\/12\/KKC2021_book_CZ_8.pdf\" target=\"_blank\" rel=\"noopener noreferrer\"><strong><span style=\"color: #ffffff;\"><span style=\"line-height: 32px; background: #002776; float: left; padding-right: 17px; padding-left: 17px; border-radius: 22px; text-transform: uppercase;\">STUDIE<\/span><\/span><\/strong><\/a><\/span><\/p>\n<p>&nbsp;<\/p>\n<p>&nbsp;<\/p>\n<p><strong>SLEDUJTE V\u00ddRO\u010cN\u00cd KONFERENCI ONLINE:<\/strong><\/p>\n<p><span style=\"font-size: 18px;\"><a href=\"https:\/\/youtu.be\/G9FZeactYyw\" target=\"_blank\" rel=\"noopener noreferrer\"><strong><span style=\"color: #ffffff;\"><span style=\"line-height: 32px; background: #002776; float: left; padding-right: 17px; padding-left: 17px; border-radius: 22px; text-transform: uppercase;\">YouTube &#8211; original<\/span><\/span><\/strong><\/a><\/span>\u00a0 <strong><em>bez tlumo\u010den\u00ed\u00a0<\/em><\/strong><\/p>\n<p><span style=\"font-size: 18px;\"><a href=\"https:\/\/youtu.be\/UjVLy-I7KOU\" rel=\"noopener\"><strong><span style=\"color: #ffffff;\"><span style=\"line-height: 32px; background: #002776; float: left; padding-right: 17px; padding-left: 17px; border-radius: 22px; text-transform: uppercase;\">YOUTUBE &#8211;\u00a0CZ<\/span><\/span><\/strong><\/a><\/span><\/p>\n<p>&nbsp;<\/p>\n<p><span style=\"font-size: 18px;\"><a href=\"https:\/\/www.facebook.com\/events\/605094204040804\/\" target=\"_blank\" rel=\"noopener noreferrer\"><strong><span style=\"color: #ffffff;\"><span style=\"line-height: 32px; background: #002776; float: left; padding-right: 17px; padding-left: 17px; border-radius: 22px; text-transform: uppercase;\">FACEBOOK ASPEN INSTITUTE &#8211; original <\/span><\/span><\/strong><\/a><\/span><\/p>\n<p><strong><em>\u00a0bez tlumo\u010den\u00ed\u00a0<\/em><\/strong><\/p>\n<p><span style=\"font-size: 18px;\"><a href=\"https:\/\/www.facebook.com\/events\/941562526454997\/\" target=\"_blank\" rel=\"noopener noreferrer\"><strong><span style=\"color: #ffffff;\"><span style=\"line-height: 32px; background: #002776; float: left; padding-right: 17px; padding-left: 17px; border-radius: 22px; text-transform: uppercase;\">FACEBOOK ASPEN INSTITUTE &#8211; CZ <\/span><\/span><\/strong><\/a><\/span><\/p>\n<p>&nbsp;<\/p>\n<p>&nbsp;<\/p>\n<p>  Je n\u00e1m ct\u00ed, \u017ee leto\u0161n\u00ed v\u00fdro\u010dn\u00ed konferenci zah\u00e1j\u00ed prost\u0159ednictv\u00edm online p\u0159enosu\u00a0<strong>Madeleine Albright,<\/strong>\u00a0b\u00fdval\u00e1 ministryn\u011b zahrani\u010dn\u00edch v\u011bc\u00ed USA.<\/p>\n<p><strong>Konference bude zam\u011b\u0159ena na 4 hlavn\u00ed oblasti:\u00a0<\/strong><\/p>\n<hr \/>\n<p> \u00a0<b>9:25\u201310:35<\/b><\/p>\n<p><strong><img loading=\"lazy\" decoding=\"async\" class=\"an1\" src=\"https:\/\/fonts.gstatic.com\/s\/e\/notoemoji\/13.1.1\/1f4d8\/72.png\" alt=\" \" width=\"18\" height=\"18\" data-emoji=\" \" \/>\u00a0<\/strong><strong>St\u0159edn\u00ed Evropa \/ Budoucnost st\u00e1tn\u00ed spr\u00e1vy:\u00a0<\/strong>Debata bude zalo\u017een\u00e1 na studii od spole\u010dnosti McKinsey &amp; Company<\/p>\n<p><strong>V r\u00e1mci panelov\u00e9 diskuse vystoup\u00ed:<\/strong><\/p>\n<p>  <strong><a href=\"https:\/\/en.wikipedia.org\/wiki\/Marek_Belka\" rel=\"noopener\">Marek Belka<\/a><\/strong>, b\u00fdval\u00fd premi\u00e9r Polsk\u00e9 republiky<\/p>\n<p>  <strong><a href=\"https:\/\/aspeninstitute.nationbuilder.com\/r?u=ATm72NHVTKhvm7Y9NDF6jDIuRlj7_JXWgn8_f3O4JIWkweR8LbhwvpNNxPDhAd_xE1pSkenBxpSyEjuC-Nnalmb9V0tPiYIHTo2JzZhpfCk&amp;e=0884ee862e6daefbb9a952438f1cbb33&amp;utm_source=aspeninstitute&amp;utm_medium=email&amp;utm_campaign=reminder_1_kkc_cz_nereg&amp;n=4&amp;test_email=1\" rel=\"noopener\">Mikul\u00e1\u0161 Dzurinda<\/a><\/strong>, b\u00fdval\u00fd premi\u00e9r Slovensk\u00e9 republiky<\/p>\n<p>  <strong><a href=\"https:\/\/en.wikipedia.org\/wiki\/Vladim%C3%ADr_%C5%A0pidla\" rel=\"noopener\">Vladim\u00edr \u0160pidla<\/a><\/strong>, b\u00fdval\u00fd premi\u00e9r \u010cesk\u00e9 republiky<\/p>\n<hr \/>\n<p> \u00a0<b>10:50\u201312:00<\/b><\/p>\n<p><strong><img loading=\"lazy\" decoding=\"async\" class=\"an1\" src=\"https:\/\/fonts.gstatic.com\/s\/e\/notoemoji\/13.1.1\/1f4d8\/72.png\" alt=\" \" width=\"18\" height=\"18\" data-emoji=\" \" \/>\u00a0Efektivita st\u00e1tn\u00ed spr\u00e1vy:<\/strong>\u00a0Debata bude zalo\u017een\u00e1 na podkladech expertn\u00ed skupiny Aspen Institute CE<\/p>\n<p><strong> \u00a0<a href=\"https:\/\/aspeninstitute.nationbuilder.com\/r?u=NeYFSHY3wLA-A6ZQ4K_eCjSmLvReU7x9emnrpfYTfOP-_qSb-fvy3Xxi9rkF2rry&amp;e=0884ee862e6daefbb9a952438f1cbb33&amp;utm_source=aspeninstitute&amp;utm_medium=email&amp;utm_campaign=reminder_1_kkc_cz_nereg&amp;n=6&amp;test_email=1\" target=\"_blank\" rel=\"noopener noreferrer\" data-saferedirecturl=\"https:\/\/www.google.com\/url?q=https:\/\/aspeninstitute.nationbuilder.com\/r?u%3DNeYFSHY3wLA-A6ZQ4K_eCjSmLvReU7x9emnrpfYTfOP-_qSb-fvy3Xxi9rkF2rry%26e%3D0884ee862e6daefbb9a952438f1cbb33%26utm_source%3Daspeninstitute%26utm_medium%3Demail%26utm_campaign%3Dreminder_1_kkc_cz_nereg%26n%3D6%26test_email%3D1&amp;source=gmail&amp;ust=1635338352084000&amp;usg=AFQjCNFXHi1Htfc-S4aKFSEIzJq4AxHHlQ\">Michal Bl\u00e1ha<\/a>,\u00a0<\/strong>zakladatel Hl\u00edda\u010de St\u00e1tu<\/p>\n<p><b><strong> \u00a0<\/strong><a href=\"https:\/\/www.linkedin.com\/in\/jakub-drbohlav-4b544428\/\" rel=\"noopener\">Jakub Drbohlav<\/a>, <\/b>z\u00e1stupce \u0159editele Odboru \u0159\u00edzen\u00ed region\u00e1ln\u00edho \u0161kolstv\u00ed na M\u0160MT<\/p>\n<p><b><strong> \u00a0<\/strong><\/b><strong><a href=\"https:\/\/www.mpo.cz\/cz\/rozcestnik\/ministerstvo\/o-ministerstvu\/vedouci-pracovnici\/namestkyne-silvana-jirotkova---strucny-portret--246449\/\" rel=\"noopener\">Silvana Jirotkov\u00e1<\/a>, <\/strong>n\u00e1m\u011bstkyn\u011b ministra pr\u016fmyslu a obchodu \u010cR<\/p>\n<p><strong> \u00a0<a href=\"https:\/\/aspeninstitute.nationbuilder.com\/r?u=NeYFSHY3wLA-A6ZQ4K_eCiVF9s1GalmI5fUUPYuEunH7ZSd9xgEhAEGcHPTRoyrGhhzDAzurJDjViTuXbWXeaw&amp;e=0884ee862e6daefbb9a952438f1cbb33&amp;utm_source=aspeninstitute&amp;utm_medium=email&amp;utm_campaign=reminder_1_kkc_cz_nereg&amp;n=7&amp;test_email=1\" target=\"_blank\" rel=\"noopener noreferrer\" data-saferedirecturl=\"https:\/\/www.google.com\/url?q=https:\/\/aspeninstitute.nationbuilder.com\/r?u%3DNeYFSHY3wLA-A6ZQ4K_eCiVF9s1GalmI5fUUPYuEunH7ZSd9xgEhAEGcHPTRoyrGhhzDAzurJDjViTuXbWXeaw%26e%3D0884ee862e6daefbb9a952438f1cbb33%26utm_source%3Daspeninstitute%26utm_medium%3Demail%26utm_campaign%3Dreminder_1_kkc_cz_nereg%26n%3D7%26test_email%3D1&amp;source=gmail&amp;ust=1635338352084000&amp;usg=AFQjCNGH3-3dKqNDEXGEb-vCZTC1TOktsA\">Danu\u0161e Nerudov\u00e1<\/a>,\u00a0<\/strong>rektorka Mendelovy univerzity v Brn\u011b<\/p>\n<p><strong><b> <\/b>\u00a0<a href=\"https:\/\/www.linkedin.com\/in\/petr-pavel-a8a2962b\/?originalSubdomain=cz\" rel=\"noopener\">Petr Pavel<\/a><em>,\u00a0<\/em><span style=\"font-weight: 400;\">arm\u00e1dn\u00ed gener\u00e1l v.v.<\/span><\/strong><\/p>\n<hr \/>\n<p> \u00a0<b>12:40\u201313:50<\/b><\/p>\n<p><strong><img loading=\"lazy\" decoding=\"async\" class=\"an1\" src=\"https:\/\/fonts.gstatic.com\/s\/e\/notoemoji\/13.1.1\/1f4d8\/72.png\" alt=\" \" width=\"18\" height=\"18\" data-emoji=\" \" \/>\u00a0<\/strong><strong>Vzd\u011bl\u00e1v\u00e1n\u00ed \/ Pedagogick\u00fd leadership:\u00a0<\/strong>Debata bude zalo\u017een\u00e1 na studii od\u00a0<strong><a href=\"https:\/\/aspeninstitute.nationbuilder.com\/r?u=NeYFSHY3wLA-A6ZQ4K_eCpc5_etno_Ny0z56u3WLp98ZMUxpVXR12ARg9TXbLKYmpnVK9bfZi-8X3_NUOO1B5Q&amp;e=0884ee862e6daefbb9a952438f1cbb33&amp;utm_source=aspeninstitute&amp;utm_medium=email&amp;utm_campaign=reminder_1_kkc_cz_nereg&amp;n=12&amp;test_email=1\" target=\"_blank\" rel=\"noopener noreferrer\" data-saferedirecturl=\"https:\/\/www.google.com\/url?q=https:\/\/aspeninstitute.nationbuilder.com\/r?u%3DNeYFSHY3wLA-A6ZQ4K_eCpc5_etno_Ny0z56u3WLp98ZMUxpVXR12ARg9TXbLKYmpnVK9bfZi-8X3_NUOO1B5Q%26e%3D0884ee862e6daefbb9a952438f1cbb33%26utm_source%3Daspeninstitute%26utm_medium%3Demail%26utm_campaign%3Dreminder_1_kkc_cz_nereg%26n%3D12%26test_email%3D1&amp;source=gmail&amp;ust=1635338352084000&amp;usg=AFQjCNEOjBsYP9uFsgBxjfzk6cC-8zY4Vg\">Daniela Prokopa<\/a><\/strong>, vedouc\u00edho expertn\u00ed skupiny Aspen Institute CE \/ zakladatele PAQ Research, a jeho t\u00fdmu.<\/p>\n<p><strong>V r\u00e1mci panelov\u00e9 diskuse vystoup\u00ed:<\/strong><\/p>\n<p><strong> \u00a0<a href=\"https:\/\/aspeninstitute.nationbuilder.com\/r?u=NeYFSHY3wLA-A6ZQ4K_eCsO_Hf1cDiO4NU4lwz5nDZBxwTFoItnAvcOmyQub5aQIeij1HglgWJgZDXdMOPINYDCW5iwjy5wrgzkp_es4LJg&amp;e=0884ee862e6daefbb9a952438f1cbb33&amp;utm_source=aspeninstitute&amp;utm_medium=email&amp;utm_campaign=reminder_1_kkc_cz_nereg&amp;n=13&amp;test_email=1\" target=\"_blank\" rel=\"noopener noreferrer\" data-saferedirecturl=\"https:\/\/www.google.com\/url?q=https:\/\/aspeninstitute.nationbuilder.com\/r?u%3DNeYFSHY3wLA-A6ZQ4K_eCsO_Hf1cDiO4NU4lwz5nDZBxwTFoItnAvcOmyQub5aQIeij1HglgWJgZDXdMOPINYDCW5iwjy5wrgzkp_es4LJg%26e%3D0884ee862e6daefbb9a952438f1cbb33%26utm_source%3Daspeninstitute%26utm_medium%3Demail%26utm_campaign%3Dreminder_1_kkc_cz_nereg%26n%3D13%26test_email%3D1&amp;source=gmail&amp;ust=1635338352084000&amp;usg=AFQjCNHrvNL4AQldaAsdmjAIG917nPI0uw\">Nad\u011b\u017eda Eretov\u00e1<\/a>, <\/strong>\u0161\u00e9fredaktorka redakce \u0158\u00edzen\u00ed \u0161koly<\/p>\n<p><strong> \u00a0<a href=\"https:\/\/aspeninstitute.nationbuilder.com\/r?u=NeYFSHY3wLA-A6ZQ4K_eCvDvQHHC3pxqjcg0M3I2DCoY2v5kFAEd8JP_ebBsnvsnvp6tQ33hfD5Zds0YAfDjwA&amp;e=0884ee862e6daefbb9a952438f1cbb33&amp;utm_source=aspeninstitute&amp;utm_medium=email&amp;utm_campaign=reminder_1_kkc_cz_nereg&amp;n=14&amp;test_email=1\" target=\"_blank\" rel=\"noopener noreferrer\" data-saferedirecturl=\"https:\/\/www.google.com\/url?q=https:\/\/aspeninstitute.nationbuilder.com\/r?u%3DNeYFSHY3wLA-A6ZQ4K_eCvDvQHHC3pxqjcg0M3I2DCoY2v5kFAEd8JP_ebBsnvsnvp6tQ33hfD5Zds0YAfDjwA%26e%3D0884ee862e6daefbb9a952438f1cbb33%26utm_source%3Daspeninstitute%26utm_medium%3Demail%26utm_campaign%3Dreminder_1_kkc_cz_nereg%26n%3D14%26test_email%3D1&amp;source=gmail&amp;ust=1635338352084000&amp;usg=AFQjCNFE9Ypjb9KcjhEjE0hSa41NEBW3dA\">Ivo Jupa<\/a>,\u00a0<\/strong>\u0159editel N\u00e1rodn\u00edho pedagogick\u00e9ho institutu \u010cR<\/p>\n<p><strong> \u00a0<a href=\"https:\/\/aspeninstitute.nationbuilder.com\/r?u=NeYFSHY3wLA-A6ZQ4K_eCpc5_etno_Ny0z56u3WLp98ZMUxpVXR12ARg9TXbLKYmpnVK9bfZi-8X3_NUOO1B5Q&amp;e=0884ee862e6daefbb9a952438f1cbb33&amp;utm_source=aspeninstitute&amp;utm_medium=email&amp;utm_campaign=reminder_1_kkc_cz_nereg&amp;n=15&amp;test_email=1\" target=\"_blank\" rel=\"noopener noreferrer\" data-saferedirecturl=\"https:\/\/www.google.com\/url?q=https:\/\/aspeninstitute.nationbuilder.com\/r?u%3DNeYFSHY3wLA-A6ZQ4K_eCpc5_etno_Ny0z56u3WLp98ZMUxpVXR12ARg9TXbLKYmpnVK9bfZi-8X3_NUOO1B5Q%26e%3D0884ee862e6daefbb9a952438f1cbb33%26utm_source%3Daspeninstitute%26utm_medium%3Demail%26utm_campaign%3Dreminder_1_kkc_cz_nereg%26n%3D15%26test_email%3D1&amp;source=gmail&amp;ust=1635338352084000&amp;usg=AFQjCNHmkjvW7I6M9x2NCV-xV3pGGIXdeA\">Daniel Prokop<\/a>,\u00a0<\/strong>vedouc\u00ed expertn\u00ed skupiny Aspen Institute CE \/ zakladatel PAQ Research<\/p>\n<p><strong> \u00a0<a href=\"https:\/\/aspeninstitute.nationbuilder.com\/r?u=JMeIR3saGBM2_la2y3x2RdVANKruBkcJWiNVY97Bvm1cf4OaugMDbneGh2xBeY-I0HrcIjtZPtgWvseOpKmvspIVPhokR5VSOJxlSa53wC3tx93OAjgxdTSsa0lkUsHx&amp;e=0884ee862e6daefbb9a952438f1cbb33&amp;utm_source=aspeninstitute&amp;utm_medium=email&amp;utm_campaign=reminder_1_kkc_cz_nereg&amp;n=16&amp;test_email=1\" target=\"_blank\" rel=\"noopener noreferrer\" data-saferedirecturl=\"https:\/\/www.google.com\/url?q=https:\/\/aspeninstitute.nationbuilder.com\/r?u%3DJMeIR3saGBM2_la2y3x2RdVANKruBkcJWiNVY97Bvm1cf4OaugMDbneGh2xBeY-I0HrcIjtZPtgWvseOpKmvspIVPhokR5VSOJxlSa53wC3tx93OAjgxdTSsa0lkUsHx%26e%3D0884ee862e6daefbb9a952438f1cbb33%26utm_source%3Daspeninstitute%26utm_medium%3Demail%26utm_campaign%3Dreminder_1_kkc_cz_nereg%26n%3D16%26test_email%3D1&amp;source=gmail&amp;ust=1635338352084000&amp;usg=AFQjCNFOLNCdCVgMky6q3X_v2J-7Ql9fmg\">Ji\u0159\u00ed Vym\u011btal<\/a>,\u00a0<\/strong>\u0159editel Z\u0160 a M\u0160 Svatoplukova, Olomouc \/ v\u00edt\u011bz ankety \u0158editel roku\u00a02018\/19<\/p>\n<p><strong> \u00a0<a href=\"https:\/\/aspeninstitute.nationbuilder.com\/r?u=NeYFSHY3wLA-A6ZQ4K_eCq1VIpIRAYQyB5snovYSwugStvB-ZmDRu1mt-7Mw0LHSqFx6wLOSxwKmzbBNIkzNFCAbl6gGtC0FY_XKEuSou-A_6WRVUKqFCKdASetIOveO&amp;e=0884ee862e6daefbb9a952438f1cbb33&amp;utm_source=aspeninstitute&amp;utm_medium=email&amp;utm_campaign=reminder_1_kkc_cz_nereg&amp;n=17&amp;test_email=1\" target=\"_blank\" rel=\"noopener noreferrer\" data-saferedirecturl=\"https:\/\/www.google.com\/url?q=https:\/\/aspeninstitute.nationbuilder.com\/r?u%3DNeYFSHY3wLA-A6ZQ4K_eCq1VIpIRAYQyB5snovYSwugStvB-ZmDRu1mt-7Mw0LHSqFx6wLOSxwKmzbBNIkzNFCAbl6gGtC0FY_XKEuSou-A_6WRVUKqFCKdASetIOveO%26e%3D0884ee862e6daefbb9a952438f1cbb33%26utm_source%3Daspeninstitute%26utm_medium%3Demail%26utm_campaign%3Dreminder_1_kkc_cz_nereg%26n%3D17%26test_email%3D1&amp;source=gmail&amp;ust=1635338352084000&amp;usg=AFQjCNGC2QKMWJC2dUZ-X574njYJ2UzwvA\">Ren\u00e1ta Zaj\u00ed\u010dkov\u00e1<\/a>,<\/strong>\u00a0poslankyn\u011b a starostka Prahy 5<strong>\u00a0<\/strong><strong><br \/>\n<\/strong><\/p>\n<hr \/>\n<p> \u00a0<b>13:50\u201314:00<\/b><\/p>\n<p><strong><b>AI: p\u0159\u00edle\u017eitosti, v\u00fdzvy a st\u00e1tn\u00ed spr\u00e1va<\/b><\/strong><\/p>\n<p>Hlavn\u00ed projev:<\/p>\n<p><strong> \u00a0<a class=\"waffle-rich-text-link\" href=\"https:\/\/research.google\/people\/104788\/\" rel=\"noopener\">Maggie Johnson<\/a><\/strong>, viceprezident vzd\u011bl\u00e1vac\u00edch a univerzitn\u00edch program\u016f pro Google \/ COO pro the Research PA<\/p>\n<hr \/>\n<p> \u00a0<b>14:20\u201314:30<\/b><\/p>\n<p><strong><b>Vyu\u017eit\u00ed AI v\u00a0obran\u011b a bezpe\u010dnosti<\/b><\/strong><\/p>\n<p>Hlavn\u00ed projev:<\/p>\n<p>  <strong><a href=\"https:\/\/aspeninstitute.nationbuilder.com\/r?u=NeYFSHY3wLA-A6ZQ4K_eCrm3XAK-F2yfyn4N6_KxLe2OiPUOZNbfmNpJL-KV1HGW5kEQ4J7Adye12cvSzrcNxHKJHGbog1x1_8YzO-YSGXsiPjYSt1O_rrJf9igX5FNP&amp;e=733c292cb6c841410403558b4956b345&amp;utm_source=aspeninstitute&amp;utm_medium=email&amp;utm_campaign=kkc_reminder_neregistrovani_cz&amp;n=19&amp;test_email=1\" rel=\"noopener\">Edward Hunter Christie<\/a>, <\/strong>Senior Fellow, PSSI \/ vedouc\u00ed konzultant pro strategii NATO v oblasti AI<\/p>\n<hr \/>\n<p> \u00a0<b>14:30\u201315:40<\/b><\/p>\n<p><strong><img loading=\"lazy\" decoding=\"async\" class=\"an1\" src=\"https:\/\/fonts.gstatic.com\/s\/e\/notoemoji\/13.1.1\/1f4d8\/72.png\" alt=\" \" width=\"18\" height=\"18\" data-emoji=\" \" \/>\u00a0<\/strong><strong>Bezpe\u010dnost &#8211; Inovace \/ Um\u011bl\u00e1 inteligence a obrana:\u00a0<\/strong>Debata bude zalo\u017een\u00e1 na studii od\u00a0<strong><a href=\"https:\/\/aspeninstitute.nationbuilder.com\/r?u=NeYFSHY3wLA-A6ZQ4K_eCruidn2AdKcePWMC9ALVj9WOhJj_ZsCJ4CZochFT87h-D5GDx1MXrEguD28CsNBZBw&amp;e=0884ee862e6daefbb9a952438f1cbb33&amp;utm_source=aspeninstitute&amp;utm_medium=email&amp;utm_campaign=reminder_1_kkc_cz_nereg&amp;n=8&amp;test_email=1\" target=\"_blank\" rel=\"noopener noreferrer\" data-saferedirecturl=\"https:\/\/www.google.com\/url?q=https:\/\/aspeninstitute.nationbuilder.com\/r?u%3DNeYFSHY3wLA-A6ZQ4K_eCruidn2AdKcePWMC9ALVj9WOhJj_ZsCJ4CZochFT87h-D5GDx1MXrEguD28CsNBZBw%26e%3D0884ee862e6daefbb9a952438f1cbb33%26utm_source%3Daspeninstitute%26utm_medium%3Demail%26utm_campaign%3Dreminder_1_kkc_cz_nereg%26n%3D8%26test_email%3D1&amp;source=gmail&amp;ust=1635338352084000&amp;usg=AFQjCNGMCf9xN9rqU3uC8oA0pB4ghjsxyQ\">Tom\u00e1\u0161e Pojara<\/a><\/strong>, vedouc\u00edho expertn\u00ed skupiny Aspen Institute CE\/ prorektora CEVRO Institute<\/p>\n<p><strong>V r\u00e1mci panelov\u00e9 diskuse vystoup\u00ed:<\/strong><\/p>\n<p><strong> \u00a0<\/strong><strong><a href=\"https:\/\/aspeninstitute.nationbuilder.com\/r?u=NeYFSHY3wLA-A6ZQ4K_eCruidn2AdKcePWMC9ALVj9WOhJj_ZsCJ4CZochFT87h-D5GDx1MXrEguD28CsNBZBw&amp;e=0884ee862e6daefbb9a952438f1cbb33&amp;utm_source=aspeninstitute&amp;utm_medium=email&amp;utm_campaign=reminder_1_kkc_cz_nereg&amp;n=9&amp;test_email=1\" target=\"_blank\" rel=\"noopener noreferrer\" data-saferedirecturl=\"https:\/\/www.google.com\/url?q=https:\/\/aspeninstitute.nationbuilder.com\/r?u%3DNeYFSHY3wLA-A6ZQ4K_eCruidn2AdKcePWMC9ALVj9WOhJj_ZsCJ4CZochFT87h-D5GDx1MXrEguD28CsNBZBw%26e%3D0884ee862e6daefbb9a952438f1cbb33%26utm_source%3Daspeninstitute%26utm_medium%3Demail%26utm_campaign%3Dreminder_1_kkc_cz_nereg%26n%3D9%26test_email%3D1&amp;source=gmail&amp;ust=1635338352084000&amp;usg=AFQjCNFlwJ6925Zm-Bt7qscgbO6J4TndXg\">Tom\u00e1\u0161 Pojar<\/a><\/strong>, vedouc\u00ed expertn\u00ed skupiny Aspen Institute CE\/ prorektor, CEVRO Institute<\/p>\n<p><strong> \u00a0<a href=\"https:\/\/www.acr.army.cz\/assets\/informacni-servis\/zpravodajstvi\/1feix.pdf\" rel=\"noopener\">Miroslav Feix<\/a><\/strong>,<strong>\u00a0<\/strong>brig\u00e1dn\u00ed gener\u00e1l, velitel kybernetick\u00fdch sil a informa\u010dn\u00edch operac\u00ed Arm\u00e1dy \u010cR<\/p>\n<p><strong> \u00a0<a href=\"https:\/\/aspeninstitute.nationbuilder.com\/r?u=NeYFSHY3wLA-A6ZQ4K_eCv2iPQ1k4d259dkxiaUyxIARCEFxY2UM46XgZXDKJDwh1rCxK9suEKljRK0yJqTjEA&amp;e=0884ee862e6daefbb9a952438f1cbb33&amp;utm_source=aspeninstitute&amp;utm_medium=email&amp;utm_campaign=reminder_1_kkc_cz_nereg&amp;n=10&amp;test_email=1\" target=\"_blank\" rel=\"noopener noreferrer\" data-saferedirecturl=\"https:\/\/www.google.com\/url?q=https:\/\/aspeninstitute.nationbuilder.com\/r?u%3DNeYFSHY3wLA-A6ZQ4K_eCv2iPQ1k4d259dkxiaUyxIARCEFxY2UM46XgZXDKJDwh1rCxK9suEKljRK0yJqTjEA%26e%3D0884ee862e6daefbb9a952438f1cbb33%26utm_source%3Daspeninstitute%26utm_medium%3Demail%26utm_campaign%3Dreminder_1_kkc_cz_nereg%26n%3D10%26test_email%3D1&amp;source=gmail&amp;ust=1635338352084000&amp;usg=AFQjCNFJMMLUHeNUqsdcpBBw0Qtc6PwD1g\">Filip Kul\u0161trunk<\/a><\/strong>, viceprezident Defence &amp; Intelligence v SpaceKnow Inc.<\/p>\n<p><strong> \u00a0<a href=\"https:\/\/aspeninstitute.nationbuilder.com\/r?u=NeYFSHY3wLA-A6ZQ4K_eClEIasgcnzFB35T5Hr8BurV8shgpTifQhwVmPIvrFUzc&amp;e=0884ee862e6daefbb9a952438f1cbb33&amp;utm_source=aspeninstitute&amp;utm_medium=email&amp;utm_campaign=reminder_1_kkc_cz_nereg&amp;n=11&amp;test_email=1\" target=\"_blank\" rel=\"noopener noreferrer\" data-saferedirecturl=\"https:\/\/www.google.com\/url?q=https:\/\/aspeninstitute.nationbuilder.com\/r?u%3DNeYFSHY3wLA-A6ZQ4K_eClEIasgcnzFB35T5Hr8BurV8shgpTifQhwVmPIvrFUzc%26e%3D0884ee862e6daefbb9a952438f1cbb33%26utm_source%3Daspeninstitute%26utm_medium%3Demail%26utm_campaign%3Dreminder_1_kkc_cz_nereg%26n%3D11%26test_email%3D1&amp;source=gmail&amp;ust=1635338352084000&amp;usg=AFQjCNGKhM1mqK0el1OsHlqcsAoeymMRPQ\">Jan Mazal<\/a><\/strong>,\u00a0vedouc\u00ed Katedry vojensk\u00e9 robotiky na Univerzit\u011b obrany<\/p>\n<p><strong>  <a href=\"https:\/\/www.linkedin.com\/in\/martinrehak\/\" rel=\"noopener\">Martin Reh\u00e1k<\/a><\/strong>,\u00a0CEO a zakladatel Resistant AI<strong>\u00a0<\/strong><\/p>\n<p><strong>  <a href=\"https:\/\/www.linkedin.com\/in\/dr-kristina-soukupova-7056b625\/\" rel=\"noopener\">Kristina Soukupov\u00e1<\/a><\/strong>,<strong>\u00a0<\/strong>prezidentka DefSec Innovation Hub<\/p>\n<hr \/>\n<p><em>Celou konferenc\u00ed bude prov\u00e1d\u011bt\u00a0<strong>Michala Hergetov\u00e1,\u00a0<\/strong>kter\u00e1 bude tak\u00e9 moderovat jednotliv\u00e9 panely.\u00a0<\/em><em>Konference prob\u011bhne v \u010desk\u00e9m a anglick\u00e9m jazyce a bude zaji\u0161t\u011bno simult\u00e1nn\u00ed tlumo\u010den\u00ed<\/em>.<\/p>\n<p>Konferenci sledujte \u017eiv\u011b na str\u00e1nk\u00e1ch\u00a0<a href=\"https:\/\/hn.cz\/\" rel=\"noopener\">hn.cz<\/a>, <a href=\"https:\/\/www.facebook.com\/hospodarky\" rel=\"noopener\">FB Hospod\u00e1\u0159sk\u00fdch novin<\/a>, <a href=\"https:\/\/www.facebook.com\/AspenInstituteCE\" rel=\"noopener\">FB Aspen Institute CE<\/a>, YouTube nebo v<a href=\"https:\/\/www.ceskatelevize.cz\/ivysilani\/\" rel=\"noopener\"> iVys\u00edl\u00e1n\u00ed \u010cesk\u00e9 televize<\/a>. Gener\u00e1ln\u00edm medi\u00e1ln\u00edm partnerem konference jsou Hospod\u00e1\u0159sk\u00e9 noviny a hlavn\u00edm medi\u00e1ln\u00edm partnerem je \u010cesk\u00e1 televize. Medi\u00e1ln\u00edm partnerem je <a href=\"https:\/\/hlidacipes.org\/\" rel=\"noopener\">Hl\u00eddac\u00ed pes.org<\/a> a <a href=\"https:\/\/plus.rozhlas.cz\/\" rel=\"noopener\">\u010cesk\u00fd Rozhlas.<\/a><\/p>\n<p>&nbsp;<\/p>\n<p><strong>Konferenci m\u016f\u017eete sledovat tak\u00e9 prost\u0159ednictv\u00edm online vys\u00edl\u00e1n\u00ed na str\u00e1nk\u00e1ch medi\u00e1ln\u00edch partner\u016f v\u00fdro\u010dn\u00ed konference:\u00a0<\/strong><\/p>\n<p><strong>Origin\u00e1l:<\/strong><\/p>\n<p><span style=\"font-size: 18px;\"><a href=\"https:\/\/youtu.be\/G9FZeactYyw\" target=\"_blank\" rel=\"noopener noreferrer\"><strong><span style=\"color: #ffffff;\"><span style=\"line-height: 32px; background: #002776; float: left; padding-right: 17px; padding-left: 17px; border-radius: 22px; text-transform: uppercase;\">YOUTUBE &#8211; ORIGINAL<\/span><\/span><\/strong><\/a><\/span>\u00a0 <strong><em>bez tlumo\u010den\u00ed\u00a0<\/em><\/strong><\/p>\n<p><span style=\"font-size: 18px;\"><a href=\"https:\/\/www.facebook.com\/events\/605094204040804\/\" target=\"_blank\" rel=\"noopener noreferrer\"><strong><span style=\"color: #ffffff;\"><span style=\"line-height: 32px; background: #002776; float: left; padding-right: 17px; padding-left: 17px; border-radius: 22px; text-transform: uppercase;\">FACEBOOK ASPEN INSTITUTE &#8211; ORIGINAL <\/span><\/span><\/strong><\/a><\/span><\/p>\n<p><strong><em>\u00a0bez tlumo\u010den\u00ed\u00a0<\/em><\/strong><\/p>\n<p>&nbsp;<\/p>\n<p><span style=\"text-decoration: underline;\"><strong>\u010cesky  :<\/strong><\/span><\/p>\n<p><a href=\"https:\/\/youtu.be\/UjVLy-I7KOU\" rel=\"noopener\"><strong><span style=\"color: #ffffff;\"><span style=\"line-height: 32px; background: #002776; float: left; padding-right: 17px; padding-left: 17px; border-radius: 22px; text-transform: uppercase;\">YOUTUBE &#8211;\u00a0CZ<\/span><\/span><\/strong><\/a><\/p>\n<p>&nbsp;<\/p>\n<p><a href=\"https:\/\/www.facebook.com\/events\/941562526454997\/\" target=\"_blank\" rel=\"noopener noreferrer\"><strong><span style=\"color: #ffffff;\"><span style=\"line-height: 32px; background: #002776; float: left; padding-right: 17px; padding-left: 17px; border-radius: 22px; text-transform: uppercase;\">FACEBOOK ASPEN INSTITUTE &#8211; CZ <\/span><\/span><\/strong><\/a><\/p>\n<p>&nbsp;<\/p>\n<p><span style=\"font-size: 18px;\"><a href=\"https:\/\/www.ceskatelevize.cz\/porady\/10000000308-kam-kracis-cesko\/22125400145-2021\/\" target=\"_blank\" rel=\"noopener noreferrer\"><strong><span style=\"color: #ffffff;\"><span style=\"line-height: 32px; background: #002776; float: left; padding-right: 17px; padding-left: 17px; border-radius: 22px; text-transform: uppercase;\">STREAM \u010cESK\u00c9 TELEVIZE &#8211; CZ <\/span><\/span><\/strong><\/a><\/span><\/p>\n<p>&nbsp;<\/p>\n<p><span style=\"font-size: 18px;\"><a href=\"https:\/\/domaci.hn.cz\/c1-67006110-jak-zajistit-fungujici-stat-i-dobre-skoly-sledujte-online-konferenci-kam-kracis-cesko-evropo\" target=\"_blank\" rel=\"noopener noreferrer\"><strong><span style=\"color: #ffffff;\"><span style=\"line-height: 32px; background: #002776; float: left; padding-right: 17px; padding-left: 17px; border-radius: 22px; text-transform: uppercase;\">HN.cz<\/span><\/span><\/strong><\/a><\/span><\/p>\n<p>&nbsp;<\/p>\n<p><span style=\"font-size: 18px;\"><a href=\"https:\/\/www.facebook.com\/hospodarky\" rel=\"noopener\"><strong><span style=\"color: #ffffff;\"><span style=\"line-height: 32px; background: #002776; float: left; padding-right: 17px; padding-left: 17px; border-radius: 22px; text-transform: uppercase;\">Facebook Hospod\u00e1\u0159sk\u00fdch novin &#8211; CZ<\/span><\/span><\/strong><\/a><\/span><\/p>\n<p>&nbsp;<\/p>\n<p>&nbsp;<\/p>\n<p><span style=\"text-decoration: underline;\"><strong>Anglicky  :<\/strong><\/span><\/p>\n<p><span style=\"font-size: 18px;\"><a href=\"https:\/\/youtu.be\/Hz3cPW3Y_ac\" target=\"_blank\" rel=\"noopener noreferrer\"><strong><span style=\"color: #ffffff;\"><span style=\"line-height: 32px; background: #002776; float: left; padding-right: 17px; padding-left: 17px; border-radius: 22px; text-transform: uppercase;\">YouTube &#8211; EN<\/span><\/span><\/strong><\/a><\/span><\/p>\n<p>&nbsp;<\/p>\n<p><span style=\"font-size: 18px;\"><a href=\"https:\/\/www.facebook.com\/events\/413716880532933\/\" target=\"_blank\" rel=\"noopener noreferrer\"><strong><span style=\"color: #ffffff;\"><span style=\"line-height: 32px; background: #002776; float: left; padding-right: 17px; padding-left: 17px; border-radius: 22px; text-transform: uppercase;\">FACEBOOK ASPEN INSTITUTE &#8211; EN <\/span><\/span><\/strong><\/a><\/span><\/p>\n<p>&nbsp;<\/p>\n<p>&nbsp;<\/p>\n<p><strong>Dotazy m\u016f\u017eete kl\u00e1st \u017eiv\u011b p\u0159es <a href=\"https:\/\/www.sli.do\" rel=\"noopener\">Sli.do<\/a> vyu\u017eit\u00edm hesla <span style=\"text-decoration: underline;\">#AspenAnnual.<\/span><\/strong><\/p>\n<p><strong>T\u00fdm Aspen Institute CE<\/strong><\/p>\n<p>&nbsp;<\/p>\n<p><em><strong>Dopl\u0148uj\u00edc\u00ed informace k v\u00fdro\u010dn\u00ed konferenci:\u00a0<\/strong><\/em><\/p>\n<p>T\u00e9mat\u016fm konference se na\u0161e expertn\u00ed skupiny v\u011bnuj\u00ed celoro\u010dn\u011b.\u00a0V\u00fdro\u010dn\u00ed konferenci p\u0159edch\u00e1zela s\u00e9rie debat na t\u00e9ma <strong>\u0158editel\u00e9 Z\u0160, AI v \u010cesku a Moonshot by Aspen CE:<\/strong><\/p>\n<ul>\n<li>\u0158editel\u00e9 Z\u0160: <a href=\"https:\/\/www.aspeninstitutece.org\/event\/reditele-zs-kapitani-ceskeho-skolstvi\/\">Kapit\u00e1ni \u010desk\u00e9ho \u0161kolstv\u00ed?<\/a><\/li>\n<li>\u0158editel\u00e9 Z\u0160: <a href=\"https:\/\/www.aspeninstitutece.org\/event\/reditele-zs-jak-se-pripravit-na-roli-reditele\/\">Jak se p\u0159ipravit na roli \u0159editele?<\/a><\/li>\n<li>\u0158editel\u00e9 Z\u0160: <a href=\"https:\/\/www.aspeninstitutece.org\/event\/reditele-zs-co-musi-reditele-umet\/\">Co mus\u00ed \u0159editel\u00e9 um\u011bt?\u00a0<\/a><\/li>\n<li>\u0158editel\u00e9 Z\u0160: <a href=\"https:\/\/www.aspeninstitutece.org\/event\/reditele-zs-klicove-postavy-ceskeho-skolstvi\/\">Kl\u00ed\u010dov\u00e9 postavy \u010desk\u00e9ho \u0161kolstv\u00ed<\/a><\/li>\n<li>AI v \u010cesku: <a href=\"https:\/\/www.aspeninstitutece.org\/event\/ai-v-cesku-co-s-evropskou-regulaci\/\">Co s evropskou regulac\u00ed?<\/a><\/li>\n<li>AI v \u010cesku: <a href=\"https:\/\/www.aspeninstitutece.org\/event\/ai-v-cesku-kde-na-vzit\/\">Kde na to vz\u00edt?<\/a><\/li>\n<li>AI v \u010cesku: <a href=\"https:\/\/www.aspeninstitutece.org\/event\/ai-v-cesku-lepsi-nez-si-myslite\/\">Lep\u0161\u00ed, ne\u017e si mysl\u00edte!<\/a><\/li>\n<li>Moonshot by Aspen CE \u2013\u00a0<a href=\"https:\/\/www.aspeninstitutece.org\/news-article\/moonshot-aspen-ce-budoucnost-vzdelavani\/\">Budoucnost vzd\u011bl\u00e1v\u00e1n\u00ed<\/a><\/li>\n<li>Moonshot by Aspen CE \u2013\u00a0<a href=\"https:\/\/www.aspeninstitutece.org\/news-article\/pracovat-pro-stat-neni-lakave-je-pomaly-schazi-mu-silne-osobnosti\/\">Budoucnost st\u00e1tn\u00ed spr\u00e1vy<\/a><\/li>\n<li>Moonshot by Aspen CE \u2013\u00a0<a href=\"https:\/\/www.aspeninstitutece.org\/news-article\/moonshot-aspen-ce-budoucnost-digitalizace-ai\/\">Budoucnost digitalizace a AI<\/a><\/li>\n<\/ul>\n<p>&nbsp;<\/p>\n<p><img loading=\"lazy\" decoding=\"async\" class=\"alignnone size-full wp-image-19500\" src=\"https:\/\/www.aspeninstitutece.org\/wp-content\/uploads\/aspen-media\/2021\/09\/kkc_web_sada__820x360a.jpg\" alt=\"\" width=\"820\" height=\"360\" \/><\/p>\n<p>&nbsp;<\/p>\n","protected":false},"excerpt":{"rendered":"<p>V\u00fdro\u010dn\u00ed konference Aspen Institute Central Europe 2021.<\/p>\n","protected":false},"featured_media":0,"template":"","meta":{"_acf_changed":false},"events-tags":[],"class_list":["post-11386","event","type-event","status-publish","hentry"],"acf":[],"_links":{"self":[{"href":"https:\/\/www.aspeninstitutece.org\/cs\/wp-json\/wp\/v2\/event\/11386","targetHints":{"allow":["GET"]}}],"collection":[{"href":"https:\/\/www.aspeninstitutece.org\/cs\/wp-json\/wp\/v2\/event"}],"about":[{"href":"https:\/\/www.aspeninstitutece.org\/cs\/wp-json\/wp\/v2\/types\/event"}],"wp:attachment":[{"href":"https:\/\/www.aspeninstitutece.org\/cs\/wp-json\/wp\/v2\/media?parent=11386"}],"wp:term":[{"taxonomy":"events-tags","embeddable":true,"href":"https:\/\/www.aspeninstitutece.org\/cs\/wp-json\/wp\/v2\/events-tags?post=11386"}],"curies":[{"name":"wp","href":"https:\/\/api.w.org\/{rel}","templated":true}]}}