{"id":11404,"date":"2024-10-01T01:06:38","date_gmt":"2024-09-30T23:06:38","guid":{"rendered":"https:\/\/aspeninstitutece.softmedia.cz\/event\/reditele-skol-zrizovatele-jaka-je-praxe-v-jihomoravskem-kraji\/"},"modified":"2024-11-25T16:02:32","modified_gmt":"2024-11-25T15:02:32","slug":"reditele-skol-zrizovatele-jaka-je-praxe-v-jihomoravskem-kraji","status":"publish","type":"event","link":"https:\/\/www.aspeninstitutece.org\/cs\/event\/reditele-skol-zrizovatele-jaka-je-praxe-v-jihomoravskem-kraji\/","title":{"rendered":"\u0158editel\u00e9 \u0161kol a z\u0159izovatel\u00e9: Jak\u00e1 je praxe v Jihomoravsk\u00e9m kraji?"},"content":{"rendered":"<p>Aspen Institute Central Europe ve spolupr\u00e1ci s <strong>U\u010ditelem na\u017eivo <\/strong>po\u0159\u00e1d\u00e1\u00a0debatu s n\u00e1zvem <strong><em>\u0158editel\u00e9 \u0161kol a z\u0159izovatel\u00e9: Jak\u00e1 je praxe v Jihomoravsk\u00e9m kraji?<\/em><\/strong><\/p>\n<p><span style=\"font-size: 18px;\"><strong><a href=\"https:\/\/www.aspeninstitutece.org\/reditele-skol-a-zrizovatele\/\"><span style=\"color: #ffffff;\"><span style=\"line-height: 32px; background: #002776; float: left; padding-right: 17px; padding-left: 17px; border-radius: 22px; text-transform: uppercase;\">Pro \u00fa\u010dast na debat\u011b se zaregistrujte zde<\/span><\/span><\/a><\/strong><\/span><\/p>\n<p>&nbsp;<\/p>\n<p>\u0158editel\u00e9 z\u00e1kladn\u00edch \u0161kol a jejich z\u0159izovatel\u00e9 jsou kl\u00ed\u010dov\u00fdmi postavami, proto\u017ee jsou to pr\u00e1v\u011b oni, kdo v roli mana\u017eer\u016f \u0159\u00edd\u00ed vzd\u011bl\u00e1v\u00e1n\u00ed na lok\u00e1ln\u00ed \u00farovni.\u00a0 \u0158editel\u00e9 jsou vystaveni p\u0159ek\u00e1\u017ek\u00e1m jako nadm\u011brn\u00e1 administrativn\u00ed z\u00e1t\u011b\u017e, nedostate\u010dn\u00fd po\u010det podp\u016frn\u00fdch pracovn\u00edk\u016f ve veden\u00ed \u0161kol apod. P\u0159\u00edstup z\u0159izovatel\u016f ke \u0161kol\u00e1m m\u016f\u017ee b\u00fdt mnohdy velmi heterogenn\u00ed a diferencovan\u00fd. Navzdory tomu jsou pro sebe navz\u00e1jem kl\u00ed\u010dov\u00fdmi partnery, kte\u0159\u00ed by m\u011bli m\u00edt nastavenou otev\u0159enou kulturu, okam\u017eitou komunikaci a vz\u00e1jemnou d\u016fv\u011bru.<\/p>\n<p><span style=\"font-weight: 400;\">Studie s\u00a0n\u00e1zvem <\/span><a href=\"https:\/\/www.aspeninstitutece.org\/wp-content\/uploads\/aspen-media\/2023\/03\/ASPEN-INSTITUTE-CE_Topit-a-sv%C3%ADtit-d%C3%A1vno-nesta%C4%8D%C3%AD_FINAL.pdf\"><b><i>Topit a sv\u00edtit d\u00e1vno nesta\u010d\u00ed<\/i><\/b><\/a><span style=\"font-weight: 400;\"> prezentuje v\u00fdstupy z mapov\u00e1n\u00ed inspirativn\u00ed praxe ve vztaz\u00edch obc\u00ed-z\u0159izovatel\u016f a jimi spravovan\u00fdch z\u00e1kladn\u00edch \u0161kol. Shrnuje p\u0159enositeln\u00e1 doporu\u010den\u00ed (nejen) pro z\u0159izovatele, jak nastavit a podpo\u0159it \u0159editel\u00e9 \u0161kol, v\u010detn\u011b p\u0159\u00edklad\u016f dobr\u00e9 praxe.<\/span><\/p>\n<p><strong>Diskutovat budou:<\/strong><\/p>\n<p>  <strong>Miriam Jedli\u010dkov\u00e1<\/strong>, mana\u017eerka dobrovoln\u00e9ho svazku obc\u00ed Ti\u0161novsko<br \/>\n  <strong>Ji\u0159\u00ed Nantl<\/strong>, n\u00e1m\u011bstek pro vzd\u011bl\u00e1v\u00e1n\u00ed, Jihomoravsk\u00fd kraj<br \/>\n  <strong>Miroslav Nov\u00e1k<\/strong>, starosta obce Poho\u0159elice<br \/>\n  <strong>B\u0159etislav Svozil<\/strong>, \u0159editel Z\u0160 Labyrinth<\/p>\n<p><strong>Program:<\/strong><br \/>\n15.00 \u2013 15.15 prezentace odborn\u00e9 studie <em>Topit a sv\u00edtit d\u00e1vno nesta\u010d\u00ed<\/em><br \/>\n15.15 \u2013 16.15 panelov\u00e1 diskuse<br \/>\n16.15 \u2013 16.30 ot\u00e1zky z publika<br \/>\n16.30 konec debaty a networking<\/p>\n<p>Debatu bude moderovat:\u00a0<span style=\"font-weight: 400;\">\u00a0<\/span><b>Jakub \u010cern\u00fd,<\/b><span style=\"font-weight: 400;\"> FSV UK\u00a0<\/span><\/p>\n<p><strong>Ve sv\u00e9 diskuzi se budou vystupuj\u00edc\u00ed soust\u0159edit na ot\u00e1zky:\u00a0<\/strong><\/p>\n<ol>\n<li style=\"font-weight: 400;\"><span style=\"font-weight: 400;\">V\u00a0jak\u00fdch oblastech mohou z\u0159izovatel\u00e9 uleh\u010dit pr\u00e1ci \u0159editel\u016fm \u0161kol? Jak ve \u0161kole za\u0159\u00eddit \u0159\u00edd\u00edc\u00edho u\u010ditele na pln\u00fd \u00favazek?<\/span><\/li>\n<li style=\"font-weight: 400;\"><span style=\"font-weight: 400;\">Jak nastavit spolupr\u00e1ci mezi \u0159editelem a z\u0159izovatelem, aby podporovala vz\u00e1jemnou d\u016fv\u011bru a prosp\u00edvala \u0161kole i komunit\u011b?<\/span><\/li>\n<li style=\"font-weight: 400;\"><span style=\"font-weight: 400;\">Jak p\u0159isp\u00edvaj\u00ed do \u017eivota v\u00a0obci\/komunit\u011b? Jak\u00fd v\u00a0tom maj\u00ed potenci\u00e1l?<\/span><\/li>\n<\/ol>\n<p><img loading=\"lazy\" decoding=\"async\" class=\"wp-image-27279 aligncenter\" src=\"https:\/\/www.aspeninstitutece.org\/wp-content\/uploads\/aspen-media\/2023\/02\/jaka-je-praxe-v-jihomoravskem-kraji.jpg\" alt=\"\" width=\"608\" height=\"342\" \/><\/p>\n","protected":false},"excerpt":{"rendered":"<p>Zveme V\u00e1s na dal\u0161\u00ed ze s\u00e9rie debat, kterou organizujeme ve spolupr\u00e1ci s U\u010ditelem na\u017eivo. Debaty jsou zam\u011b\u0159eny na spr\u00e1vn\u00e9 fungov\u00e1n\u00ed a nastaven\u00ed vztah\u016f mezi \u0159editelem a z\u0159izovatelem.<\/p>\n","protected":false},"featured_media":0,"template":"","meta":{"_acf_changed":false},"events-tags":[],"class_list":["post-11404","event","type-event","status-publish","hentry"],"acf":[],"_links":{"self":[{"href":"https:\/\/www.aspeninstitutece.org\/cs\/wp-json\/wp\/v2\/event\/11404","targetHints":{"allow":["GET"]}}],"collection":[{"href":"https:\/\/www.aspeninstitutece.org\/cs\/wp-json\/wp\/v2\/event"}],"about":[{"href":"https:\/\/www.aspeninstitutece.org\/cs\/wp-json\/wp\/v2\/types\/event"}],"wp:attachment":[{"href":"https:\/\/www.aspeninstitutece.org\/cs\/wp-json\/wp\/v2\/media?parent=11404"}],"wp:term":[{"taxonomy":"events-tags","embeddable":true,"href":"https:\/\/www.aspeninstitutece.org\/cs\/wp-json\/wp\/v2\/events-tags?post=11404"}],"curies":[{"name":"wp","href":"https:\/\/api.w.org\/{rel}","templated":true}]}}