{"id":11406,"date":"2024-10-01T01:06:38","date_gmt":"2024-09-30T23:06:38","guid":{"rendered":"https:\/\/aspeninstitutece.softmedia.cz\/event\/reditele-skol-zrizovatele-jak-spolupracuji-na-vysocine\/"},"modified":"2024-11-25T16:02:12","modified_gmt":"2024-11-25T15:02:12","slug":"reditele-skol-zrizovatele-jak-spolupracuji-na-vysocine","status":"publish","type":"event","link":"https:\/\/www.aspeninstitutece.org\/cs\/event\/reditele-skol-zrizovatele-jak-spolupracuji-na-vysocine\/","title":{"rendered":"\u0158editel\u00e9 \u0161kol a z\u0159izovatel\u00e9: Jak spolupracuj\u00ed na Vyso\u010din\u011b?"},"content":{"rendered":"<p>Aspen Institute Central Europe ve spolupr\u00e1ci s\u00a0<a href=\"https:\/\/www.ucitelnazivo.cz\/\" rel=\"noopener\">U\u010ditelem na\u017eivo<\/a><strong>\u00a0<\/strong>po\u0159\u00e1d\u00e1\u00a0debatu s n\u00e1zvem <em><strong>\u0158editel\u00e9 \u0161kol a z\u0159izovatel\u00e9: Jak spolupracuj\u00ed na Vyso\u010din\u011b?\u00a0<\/strong><\/em><\/p>\n<p><span style=\"font-size: 18px;\"><strong><a href=\"https:\/\/aspeninstitutece.org\/1YIEW\"><span style=\"color: #ffffff;\"><span style=\"line-height: 32px; background: #002776; float: left; padding-right: 17px; padding-left: 17px; border-radius: 22px; text-transform: uppercase;\">Pro \u00fa\u010dast na debat\u011b se zaregistrujte zde<\/span><\/span><\/a><\/strong><\/span><\/p>\n<p>&nbsp;<\/p>\n<p>Druh\u00e1 debata ze s\u00e9rie<em> <strong>\u0158<\/strong><strong><em>e<\/em>ditel\u00e9 \u0161kol a z\u0159izovatel\u00e9: Jak spolupracuj\u00ed na Vyso\u010din\u011b?<\/strong><\/em><em><strong>\u00a0<\/strong><\/em>se zam\u011b\u0159\u00ed na kraj Vyso\u010dina. V debat\u011b se op\u011bt zam\u011b\u0159\u00edme na \u0159editel\u00e9 z\u00e1kladn\u00edch \u0161kol a jejich z\u0159izovatel\u00e9, proto\u017ee jsou kl\u00ed\u010dov\u00fdmi postavami ve \u0161kolstv\u00ed. Jsou to pr\u00e1v\u011b oni, kdo v roli mana\u017eer\u016f \u0159\u00edd\u00ed vzd\u011bl\u00e1v\u00e1n\u00ed na lok\u00e1ln\u00ed \u00farovni.\u00a0 \u0158editel\u00e9 jsou vystaveni p\u0159ek\u00e1\u017ek\u00e1m jako nadm\u011brn\u00e1 administrativn\u00ed z\u00e1t\u011b\u017e, nedostate\u010dn\u00fd po\u010det podp\u016frn\u00fdch pracovn\u00edk\u016f ve veden\u00ed \u0161kol apod. P\u0159\u00edstup z\u0159izovatel\u016f ke \u0161kol\u00e1m m\u016f\u017ee b\u00fdt mnohdy velmi heterogenn\u00ed a diferencovan\u00fd. Navzdory tomu jsou pro sebe navz\u00e1jem kl\u00ed\u010dov\u00fdmi partnery, kte\u0159\u00ed by m\u011bli m\u00edt nastavenou otev\u0159enou kulturu, okam\u017eitou komunikaci a vz\u00e1jemnou d\u016fv\u011bru.<\/p>\n<p>Studie s\u00a0n\u00e1zvem <a href=\"https:\/\/www.aspeninstitutece.org\/wp-content\/uploads\/aspen-media\/2023\/03\/ASPEN-INSTITUTE-CE_Topit-a-sv%C3%ADtit-d%C3%A1vno-nesta%C4%8D%C3%AD_FINAL.pdf\"><strong><em>Topit a sv\u00edtit d\u00e1vno nesta\u010d\u00ed<\/em><\/strong><\/a> prezentuje v\u00fdstupy z mapov\u00e1n\u00ed inspirativn\u00ed praxe ve vztaz\u00edch obc\u00ed-z\u0159izovatel\u016f a jimi spravovan\u00fdch z\u00e1kladn\u00edch \u0161kol. Shrnuje p\u0159enositeln\u00e1 doporu\u010den\u00ed (nejen) pro z\u0159izovatele, jak nastavit a podpo\u0159it \u0159editel\u00e9 \u0161kol, v\u010detn\u011b p\u0159\u00edklad\u016f dobr\u00e9 praxe.<\/p>\n<p><strong>Diskutovat budou:<\/strong><\/p>\n<p><strong> Jan B\u0159\u00ed\u017e\u010fala<\/strong>, radn\u00ed pro \u0161kolstv\u00ed Kraje Vyso\u010dina<br \/>\n<strong> Jaroslava Jan\u016f<\/strong>, \u0159editelka Z\u0160 P\u0159ibyslav, lektorka L\u00eddra \u0161koly<br \/>\n<strong> Jan \u0160va\u0159\u00ed\u010dek<\/strong>, m\u00edstostarosta m\u011bsta Moravsk\u00e9 Bud\u011bjovice<br \/>\n  <strong>Jitka Zelen\u00e1<\/strong>, koordin\u00e1tor projektu\u00a0MAP Byst\u0159icko<\/p>\n<p style=\"margin: 0in;\"><b><span style=\"font-family: 'Arial',sans-serif; color: #333333;\">15.30 \u2013 15.45<\/span><\/b><span style=\"font-family: 'Arial',sans-serif; color: #333333;\">\u00a0prezentace studie\u00a0<i>Topit a sv\u00edtit d\u00e1vno nesta\u010d\u00ed\u00a0<\/i><\/span><\/p>\n<p style=\"margin: 0in; font-variant-ligatures: normal; font-variant-caps: normal; orphans: 2; text-align: start; widows: 2; -webkit-text-stroke-width: 0px; text-decoration-thickness: initial; text-decoration-style: initial; text-decoration-color: initial; word-spacing: 0px;\"><b><span style=\"font-family: 'Arial',sans-serif; color: #333333;\">15.45 \u2013 16.45<\/span><\/b><span style=\"font-family: 'Arial',sans-serif; color: #333333;\">\u00a0panelov\u00e1 diskuse<\/span><\/p>\n<p style=\"margin: 0in; font-variant-ligatures: normal; font-variant-caps: normal; orphans: 2; text-align: start; widows: 2; -webkit-text-stroke-width: 0px; text-decoration-thickness: initial; text-decoration-style: initial; text-decoration-color: initial; word-spacing: 0px;\"><b><span style=\"font-family: 'Arial',sans-serif; color: #333333;\">16.45 \u2013 17.00<\/span><\/b><span style=\"font-family: 'Arial',sans-serif; color: #333333;\">\u00a0ot\u00e1zky z publika<\/span><\/p>\n<p style=\"margin: 0in; font-variant-ligatures: normal; font-variant-caps: normal; orphans: 2; text-align: start; widows: 2; -webkit-text-stroke-width: 0px; text-decoration-thickness: initial; text-decoration-style: initial; text-decoration-color: initial; word-spacing: 0px;\"><b><span style=\"font-family: 'Arial',sans-serif; color: #333333;\">17.00<\/span><\/b><span style=\"font-family: 'Arial',sans-serif; color: #333333;\">\u00a0konec debaty a networking<\/span><\/p>\n<p>Debatu moderuje\u00a0<b>Jakub \u010cern\u00fd,<\/b> FSV UK<\/p>\n<p><img loading=\"lazy\" decoding=\"async\" class=\"aligncenter wp-image-27503 size-full\" src=\"https:\/\/www.aspeninstitutece.org\/wp-content\/uploads\/aspen-media\/2023\/03\/vysocina.jpg\" alt=\"\" width=\"1600\" height=\"900\" \/><\/p>\n","protected":false},"excerpt":{"rendered":"<p>Aspen Institute Central Europe a U\u010ditel na\u017eivo si V\u00e1s dovoluj\u00ed pozvat na konferenci zam\u011b\u0159enou na spr\u00e1vn\u00e9 nastaven\u00ed vztah\u016f mezi \u0159editelem a z\u0159izovatelem.<\/p>\n","protected":false},"featured_media":0,"template":"","meta":{"_acf_changed":false},"events-tags":[],"class_list":["post-11406","event","type-event","status-publish","hentry"],"acf":[],"_links":{"self":[{"href":"https:\/\/www.aspeninstitutece.org\/cs\/wp-json\/wp\/v2\/event\/11406","targetHints":{"allow":["GET"]}}],"collection":[{"href":"https:\/\/www.aspeninstitutece.org\/cs\/wp-json\/wp\/v2\/event"}],"about":[{"href":"https:\/\/www.aspeninstitutece.org\/cs\/wp-json\/wp\/v2\/types\/event"}],"wp:attachment":[{"href":"https:\/\/www.aspeninstitutece.org\/cs\/wp-json\/wp\/v2\/media?parent=11406"}],"wp:term":[{"taxonomy":"events-tags","embeddable":true,"href":"https:\/\/www.aspeninstitutece.org\/cs\/wp-json\/wp\/v2\/events-tags?post=11406"}],"curies":[{"name":"wp","href":"https:\/\/api.w.org\/{rel}","templated":true}]}}