{"id":31058,"date":"2025-06-07T16:20:30","date_gmt":"2025-06-07T14:20:30","guid":{"rendered":"https:\/\/www.aspeninstitutece.org\/?post_type=event&#038;p=31058"},"modified":"2025-06-11T09:19:21","modified_gmt":"2025-06-11T07:19:21","slug":"nove-transatlanticke-vztahy-obchod-a-konkurenceschopnost","status":"publish","type":"event","link":"https:\/\/www.aspeninstitutece.org\/cs\/event\/nove-transatlanticke-vztahy-obchod-a-konkurenceschopnost\/","title":{"rendered":"Nov\u00e9 transatlantick\u00e9 vztahy: Obchod a konkurenceschopnost"},"content":{"rendered":"\n<p>Dne 4. \u010dervna 2025 uspo\u0159\u00e1dal Aspen Institute Central Europe ve spolupr\u00e1ci se St\u00e1l\u00fdm zastoupen\u00edm \u010cR p\u0159i EU Aspen Institute Central Europe a Pra\u017esk\u00fdm domem v Bruselu debatu na vysok\u00e9 \u00farovni na t\u00e9ma \u201eNov\u00e9 transatlantick\u00e9 vztahy: \u201eObchod a konkurenceschopnost\u201c.<\/p>\n\n\n\n<p>Diskuse se z\u00fa\u010dastnily kl\u00ed\u010dov\u00e9 z\u00fa\u010dastn\u011bn\u00e9 strany a osoby s rozhodovac\u00ed pravomoc\u00ed, mj:<\/p>\n\n\n\n<ul class=\"wp-block-list\">\n<li>velvyslanec Vladim\u00edra B\u00e4rtla, st\u00e1l\u00e9ho p\u0159edstavitele \u010cesk\u00e9 republiky p\u0159i EU<\/li>\n\n\n\n<li>velvyslankyn\u011b Agnieszka Bartol, st\u00e1l\u00e1 p\u0159edstavitelka Polska p\u0159i EU<\/li>\n\n\n\n<li>Markus J. Beyrer, gener\u00e1ln\u00ed \u0159editel BusinessEurope<\/li>\n\n\n\n<li>Dita Charanzov\u00e1, b\u00fdval\u00e1 m\u00edstop\u0159edsedkyn\u011b Evropsk\u00e9ho parlamentu Diskuse se z\u00fa\u010dastnily kl\u00ed\u010dov\u00e9 z\u00fa\u010dastn\u011bn\u00e9 strany a osoby s rozhodovac\u00ed pravomoc\u00ed, v\u010detn\u011b:<\/li>\n\n\n\n<li>velvyslance Vladim\u00edra B\u00e4rtla, st\u00e1l\u00e9ho p\u0159edstavitele \u010cR p\u0159i EU<\/li>\n\n\n\n<li>velvyslankyn\u011b Agnieszka Bartol, st\u00e1l\u00e1 p\u0159edstavitelka Polska p\u0159i EU<\/li>\n\n\n\n<li>Markus J. Beyrer, gener\u00e1ln\u00ed \u0159editel BusinessEurope<\/li>\n\n\n\n<li>Dita Charanzov\u00e1, b\u00fdval\u00e1 m\u00edstop\u0159edsedkyn\u011b Evropsk\u00e9ho parlamentu a \u010dlenka spr\u00e1vn\u00ed rady Aspen Institute Central Europe<\/li>\n<\/ul>\n\n\n\n<p>\u00da\u010dastn\u00edci vedli aktu\u00e1ln\u00ed a konstruktivn\u00ed diskusi o budoucnosti obchodn\u00edch vztah\u016f mezi EU a USA ve vyv\u00edjej\u00edc\u00edm se geopolitick\u00e9m a hospod\u00e1\u0159sk\u00e9m kontextu. Zd\u016fraznili, \u017ee je d\u016fle\u017eit\u00e9 pokra\u010dovat v pragmatick\u00fdch a vz\u00e1jemn\u011b prosp\u011b\u0161n\u00fdch jedn\u00e1n\u00edch zam\u011b\u0159en\u00fdch na vytvo\u0159en\u00ed stabiln\u00edho a transparentn\u00edho pr\u00e1vn\u00edho r\u00e1mce pro transatlantick\u00fd obchod.<\/p>\n\n\n\n<p>Moder\u00e1torem byl zakladatel Aspen Institute Central Europe, p\u0159edseda Dozor\u010d\u00ed rady a \u010destn\u00fd p\u0159edseda Spr\u00e1vn\u00ed rady Ivan Hod\u00e1\u010d.<\/p>\n\n\n\n<p>\u0158e\u010dn\u00edci rovn\u011b\u017e pouk\u00e1zali na rizika spojen\u00e1 s jednostrann\u00fdmi opat\u0159en\u00edmi, kter\u00e1 zvy\u0161uj\u00ed nejistotu a maj\u00ed negativn\u00ed dopad na evropsk\u00e9 i americk\u00e9 podniky. Debata znovu potvrdila pot\u0159ebu strategick\u00e9 koordinace, otev\u0159en\u00e9ho dialogu a dlouhodob\u00e9 vize p\u0159i posilov\u00e1n\u00ed transatlantick\u00e9ho hospod\u00e1\u0159sk\u00e9ho partnerstv\u00ed.<\/p>\n\n\n\n<p>Tato akce byla sou\u010d\u00e1st\u00ed \u0161ir\u0161\u00edho \u00fasil\u00ed o podporu dialogu o konkurenceschopnosti, regula\u010dn\u00ed spolupr\u00e1ci a spole\u010dn\u00fdch glob\u00e1ln\u00edch v\u00fdzv\u00e1ch mezi EU a Spojen\u00fdmi st\u00e1ty.<\/p>\n\n\n<div class=\"wp-block-image\">\n<figure class=\"aligncenter size-large\"><img loading=\"lazy\" decoding=\"async\" width=\"1024\" height=\"682\" src=\"https:\/\/www.aspeninstitutece.org\/wp-content\/uploads\/2025\/06\/Obrazok-WhatsApp-2025-06-11-o-09.12.40_42de04d9-1-1024x682.jpg\" alt=\"\" class=\"wp-image-31103\" srcset=\"https:\/\/www.aspeninstitutece.org\/wp-content\/uploads\/2025\/06\/Obrazok-WhatsApp-2025-06-11-o-09.12.40_42de04d9-1-1024x682.jpg 1024w, https:\/\/www.aspeninstitutece.org\/wp-content\/uploads\/2025\/06\/Obrazok-WhatsApp-2025-06-11-o-09.12.40_42de04d9-1-300x200.jpg 300w, https:\/\/www.aspeninstitutece.org\/wp-content\/uploads\/2025\/06\/Obrazok-WhatsApp-2025-06-11-o-09.12.40_42de04d9-1-768x512.jpg 768w, https:\/\/www.aspeninstitutece.org\/wp-content\/uploads\/2025\/06\/Obrazok-WhatsApp-2025-06-11-o-09.12.40_42de04d9-1-1536x1023.jpg 1536w, https:\/\/www.aspeninstitutece.org\/wp-content\/uploads\/2025\/06\/Obrazok-WhatsApp-2025-06-11-o-09.12.40_42de04d9-1.jpg 1600w\" sizes=\"auto, (max-width: 1024px) 100vw, 1024px\" \/><\/figure>\n<\/div>\n\n<div class=\"wp-block-image\">\n<figure class=\"aligncenter size-large\"><img decoding=\"async\" src=\"https:\/\/www.aspeninstitutece.org\/wp-content\/uploads\/2025\/06\/Obrazok-WhatsApp-2025-06-06-o-09.50.38_d7ea849a-2-768x1024.jpg\" alt=\"\" class=\"wp-image-31063\"\/><\/figure>\n<\/div>","protected":false},"excerpt":{"rendered":"<p>Dne 4. \u010dervna 2025 uspo\u0159\u00e1dal Aspen Institute Central Europe ve spolupr\u00e1ci se St\u00e1l\u00fdm zastoupen\u00edm \u010cR p\u0159i EU Aspen Institute Central Europe a Pra\u017esk\u00fdm domem v Bruselu debatu na vysok\u00e9 \u00farovni na t\u00e9ma \u201eNov\u00e9 transatlantick\u00e9 vztahy: \u201eObchod a konkurenceschopnost\u201c. Diskuse se z\u00fa\u010dastnily kl\u00ed\u010dov\u00e9 z\u00fa\u010dastn\u011bn\u00e9 strany a osoby s rozhodovac\u00ed pravomoc\u00ed, mj: \u00da\u010dastn\u00edci vedli aktu\u00e1ln\u00ed a konstruktivn\u00ed [&hellip;]<\/p>\n","protected":false},"featured_media":0,"template":"","meta":{"_acf_changed":true},"events-tags":[],"class_list":["post-31058","event","type-event","status-publish","hentry"],"acf":[],"_links":{"self":[{"href":"https:\/\/www.aspeninstitutece.org\/cs\/wp-json\/wp\/v2\/event\/31058","targetHints":{"allow":["GET"]}}],"collection":[{"href":"https:\/\/www.aspeninstitutece.org\/cs\/wp-json\/wp\/v2\/event"}],"about":[{"href":"https:\/\/www.aspeninstitutece.org\/cs\/wp-json\/wp\/v2\/types\/event"}],"wp:attachment":[{"href":"https:\/\/www.aspeninstitutece.org\/cs\/wp-json\/wp\/v2\/media?parent=31058"}],"wp:term":[{"taxonomy":"events-tags","embeddable":true,"href":"https:\/\/www.aspeninstitutece.org\/cs\/wp-json\/wp\/v2\/events-tags?post=31058"}],"curies":[{"name":"wp","href":"https:\/\/api.w.org\/{rel}","templated":true}]}}